{"version":"1.0","provider_name":"Camiseta de f\u00fatbol Atletico de Madrid 2024 2025 - SuperVigo","provider_url":"https:\/\/fpsin.com","author_name":"istern","author_url":"https:\/\/fpsin.com\/index.php\/author\/Quetzalxochitl\/","title":"camiseta de selecci\u00f3n francia - Camiseta de f\u00fatbol Atletico de Madrid 2024 2025 - SuperVigo","type":"rich","width":600,"height":338,"html":"<blockquote class=\"wp-embedded-content\" data-secret=\"VM04qD0lAF\"><a href=\"https:\/\/fpsin.com\/index.php\/2021\/09\/15\/camiseta-de-seleccion-francia\/\">camiseta de selecci\u00f3n francia<\/a><\/blockquote><iframe sandbox=\"allow-scripts\" security=\"restricted\" src=\"https:\/\/fpsin.com\/index.php\/2021\/09\/15\/camiseta-de-seleccion-francia\/embed\/#?secret=VM04qD0lAF\" width=\"600\" height=\"338\" title=\"\u00abcamiseta de selecci\u00f3n francia\u00bb \u2014 Camiseta de f\u00fatbol Atletico de Madrid 2024 2025 - SuperVigo\" data-secret=\"VM04qD0lAF\" frameborder=\"0\" marginwidth=\"0\" marginheight=\"0\" scrolling=\"no\" class=\"wp-embedded-content\"><\/iframe><script>\n\/*! This file is auto-generated *\/\n!function(d,l){\"use strict\";l.querySelector&&d.addEventListener&&\"undefined\"!=typeof URL&&(d.wp=d.wp||{},d.wp.receiveEmbedMessage||(d.wp.receiveEmbedMessage=function(e){var t=e.data;if((t||t.secret||t.message||t.value)&&!\/[^a-zA-Z0-9]\/.test(t.secret)){for(var s,r,n,a=l.querySelectorAll('iframe[data-secret=\"'+t.secret+'\"]'),o=l.querySelectorAll('blockquote[data-secret=\"'+t.secret+'\"]'),c=new RegExp(\"^https?:$\",\"i\"),i=0;i<o.length;i++)o[i].style.display=\"none\";for(i=0;i<a.length;i++)s=a[i],e.source===s.contentWindow&&(s.removeAttribute(\"style\"),\"height\"===t.message?(1e3<(r=parseInt(t.value,10))?r=1e3:~~r<200&&(r=200),s.height=r):\"link\"===t.message&&(r=new URL(s.getAttribute(\"src\")),n=new URL(t.value),c.test(n.protocol))&&n.host===r.host&&l.activeElement===s&&(d.top.location.href=t.value))}},d.addEventListener(\"message\",d.wp.receiveEmbedMessage,!1),l.addEventListener(\"DOMContentLoaded\",function(){for(var e,t,s=l.querySelectorAll(\"iframe.wp-embedded-content\"),r=0;r<s.length;r++)(t=(e=s[r]).getAttribute(\"data-secret\"))||(t=Math.random().toString(36).substring(2,12),e.src+=\"#?secret=\"+t,e.setAttribute(\"data-secret\",t)),e.contentWindow.postMessage({message:\"ready\",secret:t},\"*\")},!1)))}(window,document);\n\/\/# sourceURL=https:\/\/fpsin.com\/wp-includes\/js\/wp-embed.min.js\n<\/script>\n","description":"Puente de Serranos, siglo XVI. Hoy en d\u00eda forma un paseo de poco m\u00e1s de un kil\u00f3metro entre el puente del Real y el puente de Arag\u00f3n. El paseo de la Alameda era el antiguo acceso al Palacio del Real de Valencia desde el mar. En 1894 se fund\u00f3 el C\u00edrculo de Bellas Artes de [&hellip;]"}